{"id":369,"date":"2026-04-30T10:29:07","date_gmt":"2026-04-30T10:29:07","guid":{"rendered":"https:\/\/colegiul-racovita.ro\/wp\/?page_id=369"},"modified":"2026-04-30T10:31:17","modified_gmt":"2026-04-30T10:31:17","slug":"clase-si-diriginti","status":"publish","type":"page","link":"https:\/\/colegiul-racovita.ro\/wp\/clase-si-diriginti\/","title":{"rendered":"Clase \u015fi dirigin\u0163i"},"content":{"rendered":"\n<div class=\"wp-block-group\"><div class=\"wp-block-group__inner-container is-layout-constrained wp-block-group-is-layout-constrained\">\n<figure class=\"wp-block-table is-style-stripes\"><table><thead><tr><th class=\"has-text-align-center\" data-align=\"center\">Clasa<\/th><th class=\"has-text-align-center\" data-align=\"center\">Nume diriginte<\/th><\/tr><\/thead><tbody><tr><td class=\"has-text-align-center\" data-align=\"center\">V<\/td><td class=\"has-text-align-center\" data-align=\"center\">Cristina Mih\u0103lcescu<\/td><\/tr><tr><td class=\"has-text-align-center\" data-align=\"center\">VI<\/td><td class=\"has-text-align-center\" data-align=\"center\">Dana Damian<\/td><\/tr><tr><td class=\"has-text-align-center\" data-align=\"center\">VII<\/td><td class=\"has-text-align-center\" data-align=\"center\">Ramona Pap<\/td><\/tr><tr><td class=\"has-text-align-center\" data-align=\"center\">VIII<\/td><td class=\"has-text-align-center\" data-align=\"center\">M\u0103d\u0103lina Dr\u0103ghici<\/td><\/tr><tr><td class=\"has-text-align-center\" data-align=\"center\">IX-a A<\/td><td class=\"has-text-align-center\" data-align=\"center\">Olivia Langa<\/td><\/tr><tr><td class=\"has-text-align-center\" data-align=\"center\">IX-a B<\/td><td class=\"has-text-align-center\" data-align=\"center\">George Chetreanu<\/td><\/tr><tr><td class=\"has-text-align-center\" data-align=\"center\">IX-a C<\/td><td class=\"has-text-align-center\" data-align=\"center\">Daniela Hodoleanu<\/td><\/tr><tr><td class=\"has-text-align-center\" data-align=\"center\">IX-a D<\/td><td class=\"has-text-align-center\" data-align=\"center\">Oana Mihalache<\/td><\/tr><tr><td class=\"has-text-align-center\" data-align=\"center\">IX-a E<\/td><td class=\"has-text-align-center\" data-align=\"center\">Dan Pruteanu<\/td><\/tr><tr><td class=\"has-text-align-center\" data-align=\"center\">IX-a F<\/td><td class=\"has-text-align-center\" data-align=\"center\">Cristina Moldovan<\/td><\/tr><tr><td class=\"has-text-align-center\" data-align=\"center\">X-a A<\/td><td class=\"has-text-align-center\" data-align=\"center\">Adriana Ganea<\/td><\/tr><tr><td class=\"has-text-align-center\" data-align=\"center\">X-a B <\/td><td class=\"has-text-align-center\" data-align=\"center\">Bianca Lambru<\/td><\/tr><tr><td class=\"has-text-align-center\" data-align=\"center\">X-a C<\/td><td class=\"has-text-align-center\" data-align=\"center\">Cristina M\u0103nescu<\/td><\/tr><tr><td class=\"has-text-align-center\" data-align=\"center\">X-a D<\/td><td class=\"has-text-align-center\" data-align=\"center\">Corina Popa<\/td><\/tr><tr><td class=\"has-text-align-center\" data-align=\"center\">X-a E<\/td><td class=\"has-text-align-center\" data-align=\"center\">Claudiu Fr\u0103tiloiu<\/td><\/tr><tr><td class=\"has-text-align-center\" data-align=\"center\">X-a F<\/td><td class=\"has-text-align-center\" data-align=\"center\">Gizella Benedek<\/td><\/tr><tr><td class=\"has-text-align-center\" data-align=\"center\">XI-a A<\/td><td class=\"has-text-align-center\" data-align=\"center\">Ionela Holban<\/td><\/tr><tr><td class=\"has-text-align-center\" data-align=\"center\">XI-a B<\/td><td class=\"has-text-align-center\" data-align=\"center\">Roxana Lic\u0103<\/td><\/tr><tr><td class=\"has-text-align-center\" data-align=\"center\">XI-a C<\/td><td class=\"has-text-align-center\" data-align=\"center\">Adelina Munteanu<\/td><\/tr><tr><td class=\"has-text-align-center\" data-align=\"center\">XI-a D<\/td><td class=\"has-text-align-center\" data-align=\"center\">Marcela S\u00eerbu<\/td><\/tr><tr><td class=\"has-text-align-center\" data-align=\"center\">XI-a E<\/td><td class=\"has-text-align-center\" data-align=\"center\">George Donici<\/td><\/tr><tr><td class=\"has-text-align-center\" data-align=\"center\">XI-a F<\/td><td class=\"has-text-align-center\" data-align=\"center\">Stefania Horga<\/td><\/tr><tr><td class=\"has-text-align-center\" data-align=\"center\">XII-a A <\/td><td class=\"has-text-align-center\" data-align=\"center\">Adina Anghel<\/td><\/tr><tr><td class=\"has-text-align-center\" data-align=\"center\">XII-a B<\/td><td class=\"has-text-align-center\" data-align=\"center\">Ana-Maria Stef\u0103nescu<\/td><\/tr><tr><td class=\"has-text-align-center\" data-align=\"center\">XII-a C<\/td><td class=\"has-text-align-center\" data-align=\"center\">Gabriela Floristeanu<\/td><\/tr><tr><td class=\"has-text-align-center\" data-align=\"center\">XII-a D<\/td><td class=\"has-text-align-center\" data-align=\"center\">Karin Zall<\/td><\/tr><tr><td class=\"has-text-align-center\" data-align=\"center\">XII-a E<\/td><td class=\"has-text-align-center\" data-align=\"center\">Bogdan Uretu<\/td><\/tr><tr><td class=\"has-text-align-center\" data-align=\"center\">XII-a F<\/td><td class=\"has-text-align-center\" data-align=\"center\">Ada Muntean<\/td><\/tr><\/tbody><\/table><\/figure>\n<\/div><\/div>\n","protected":false},"excerpt":{"rendered":"<p>Clasa Nume diriginte V Cristina Mih\u0103lcescu VI Dana Damian VII Ramona Pap VIII M\u0103d\u0103lina Dr\u0103ghici IX-a A Olivia Langa IX-a B George Chetreanu IX-a C Daniela Hodoleanu IX-a D Oana Mihalache IX-a E Dan Pruteanu IX-a F Cristina Moldovan X-a <a href=\"https:\/\/colegiul-racovita.ro\/wp\/clase-si-diriginti\/\" class=\"read-more\">Cite\u015fte mai mult &#8230;<\/a><\/p>\n","protected":false},"author":1,"featured_media":0,"parent":0,"menu_order":0,"comment_status":"closed","ping_status":"closed","template":"","meta":{"footnotes":""},"class_list":["post-369","page","type-page","status-publish","hentry"],"_links":{"self":[{"href":"https:\/\/colegiul-racovita.ro\/wp\/wp-json\/wp\/v2\/pages\/369","targetHints":{"allow":["GET"]}}],"collection":[{"href":"https:\/\/colegiul-racovita.ro\/wp\/wp-json\/wp\/v2\/pages"}],"about":[{"href":"https:\/\/colegiul-racovita.ro\/wp\/wp-json\/wp\/v2\/types\/page"}],"author":[{"embeddable":true,"href":"https:\/\/colegiul-racovita.ro\/wp\/wp-json\/wp\/v2\/users\/1"}],"replies":[{"embeddable":true,"href":"https:\/\/colegiul-racovita.ro\/wp\/wp-json\/wp\/v2\/comments?post=369"}],"version-history":[{"count":3,"href":"https:\/\/colegiul-racovita.ro\/wp\/wp-json\/wp\/v2\/pages\/369\/revisions"}],"predecessor-version":[{"id":374,"href":"https:\/\/colegiul-racovita.ro\/wp\/wp-json\/wp\/v2\/pages\/369\/revisions\/374"}],"wp:attachment":[{"href":"https:\/\/colegiul-racovita.ro\/wp\/wp-json\/wp\/v2\/media?parent=369"}],"curies":[{"name":"wp","href":"https:\/\/api.w.org\/{rel}","templated":true}]}}