{"id":325,"date":"2026-04-30T08:38:27","date_gmt":"2026-04-30T08:38:27","guid":{"rendered":"https:\/\/colegiul-racovita.ro\/wp\/?page_id=325"},"modified":"2026-04-30T08:38:27","modified_gmt":"2026-04-30T08:38:27","slug":"evaluare-nationala","status":"publish","type":"page","link":"https:\/\/colegiul-racovita.ro\/wp\/evaluare-nationala\/","title":{"rendered":"Evaluare Na\u0163ional\u0103"},"content":{"rendered":"\n<p><strong>Evaluarea Na\u021bional\u0103 a absolven\u021bilor clasei a VIII-a<\/strong>&nbsp;(<strong>EN VIII<\/strong>) reprezint\u0103&nbsp;modalitatea de evaluare extern\u0103&nbsp;sumativ\u0103&nbsp;a competen\u021belor dob\u00e2ndite pe parcursul \u00eenv\u0103\u021b\u0103m\u00e2ntului gimnazial. Examenul se desfa\u0219oar\u0103, anual, \u00eentr-o singur\u0103 sesiune.<\/p>\n\n\n\n<ul class=\"wp-block-list\">\n<li><strong>Metodologia&nbsp;de organizare \u0219i desf\u0103\u0219urare a examenului<\/strong>&nbsp;<strong>\u00een&nbsp;anul \u0219colar&nbsp;<\/strong><strong>2025 &#8211;&nbsp;2026 \u0219i calendarul aferent<\/strong>&nbsp;au fost aprobate&nbsp;prin&nbsp;<strong><a href=\"https:\/\/www.edu.ro\/sites\/default\/files\/_fi%C8%99iere\/Legislatie\/2025\/OMEC_6058_2025%20calendar_ENVIII_2026.pdf\" target=\"_blank\" rel=\"noreferrer noopener\">ordinul de ministru nr. 6.058\/29.08.2025<\/a>.<\/strong><\/li>\n\n\n\n<li><strong>[NOU]&nbsp;<a href=\"https:\/\/www.edu.ro\/sites\/default\/files\/_fi%C8%99iere\/Minister\/2025\/div\/Procedura_egalizare_sanse_examene_2026.pdf\" target=\"_blank\" rel=\"noreferrer noopener\">PROCEDUR\u0102<\/a>&nbsp;cu privire&nbsp;la asigurarea condi\u021biilor de egalizare a \u0219anselor pentru elevii cu deficien\u021be de&nbsp;vedere, deficien\u021be de auz \u0219i tulbur\u0103ri de neurodezvoltare&nbsp;care sus\u021bin examenele na\u021bionale:&nbsp;evaluarea na\u021bional\u0103 pentru absolven\u021bii clasei a VIII-a \u0219i&nbsp;examenul na\u021bional de bacalaureat &#8211; sesiunea 2026<\/strong>\n<ul class=\"wp-block-list\">\n<li><strong>Descarc\u0103&nbsp;<\/strong><em>\u200b\u200b(arhiv\u0103 RAR: fi\u0219ier editabil + pdf):&nbsp;<\/em><strong><a href=\"https:\/\/www.edu.ro\/sites\/default\/files\/_fi%C8%99iere\/Minister\/2025\/div\/Anexa-1-Cerere-egalizare-sanse-evaluare_nationala_2026.rar\">Model cerere EN VIII<\/a>&nbsp;<\/strong><em>(cererea va&nbsp;fi completat\u0103 de p\u0103rinte\/tutore\/reprezentant legal al elevei\/elevului\/candidatei\/candidatului)<\/em><\/li>\n<\/ul>\n<\/li>\n<\/ul>\n\n\n\n<p><strong>Calendar EN VIII 2026<\/strong><\/p>\n\n\n<div class=\"wp-block-image\">\n<figure class=\"aligncenter size-full\"><img loading=\"lazy\" decoding=\"async\" width=\"737\" height=\"660\" src=\"https:\/\/colegiul-racovita.ro\/wp\/wp-content\/uploads\/2026\/04\/image-7.png\" alt=\"\" class=\"wp-image-326\" srcset=\"https:\/\/colegiul-racovita.ro\/wp\/wp-content\/uploads\/2026\/04\/image-7.png 737w, https:\/\/colegiul-racovita.ro\/wp\/wp-content\/uploads\/2026\/04\/image-7-300x269.png 300w, https:\/\/colegiul-racovita.ro\/wp\/wp-content\/uploads\/2026\/04\/image-7-302x270.png 302w\" sizes=\"auto, (max-width: 737px) 100vw, 737px\" \/><\/figure>\n<\/div>\n\n<div class=\"wp-block-image\">\n<figure class=\"aligncenter size-full\"><img loading=\"lazy\" decoding=\"async\" width=\"715\" height=\"653\" src=\"https:\/\/colegiul-racovita.ro\/wp\/wp-content\/uploads\/2026\/04\/image-8.png\" alt=\"\" class=\"wp-image-327\" srcset=\"https:\/\/colegiul-racovita.ro\/wp\/wp-content\/uploads\/2026\/04\/image-8.png 715w, https:\/\/colegiul-racovita.ro\/wp\/wp-content\/uploads\/2026\/04\/image-8-300x274.png 300w, https:\/\/colegiul-racovita.ro\/wp\/wp-content\/uploads\/2026\/04\/image-8-296x270.png 296w\" sizes=\"auto, (max-width: 715px) 100vw, 715px\" \/><\/figure>\n<\/div>","protected":false},"excerpt":{"rendered":"<p>Evaluarea Na\u021bional\u0103 a absolven\u021bilor clasei a VIII-a&nbsp;(EN VIII) reprezint\u0103&nbsp;modalitatea de evaluare extern\u0103&nbsp;sumativ\u0103&nbsp;a competen\u021belor dob\u00e2ndite pe parcursul \u00eenv\u0103\u021b\u0103m\u00e2ntului gimnazial. Examenul se desfa\u0219oar\u0103, anual, \u00eentr-o singur\u0103 sesiune. Calendar EN VIII 2026<\/p>\n","protected":false},"author":1,"featured_media":0,"parent":0,"menu_order":0,"comment_status":"closed","ping_status":"closed","template":"","meta":{"footnotes":""},"class_list":["post-325","page","type-page","status-publish","hentry"],"_links":{"self":[{"href":"https:\/\/colegiul-racovita.ro\/wp\/wp-json\/wp\/v2\/pages\/325","targetHints":{"allow":["GET"]}}],"collection":[{"href":"https:\/\/colegiul-racovita.ro\/wp\/wp-json\/wp\/v2\/pages"}],"about":[{"href":"https:\/\/colegiul-racovita.ro\/wp\/wp-json\/wp\/v2\/types\/page"}],"author":[{"embeddable":true,"href":"https:\/\/colegiul-racovita.ro\/wp\/wp-json\/wp\/v2\/users\/1"}],"replies":[{"embeddable":true,"href":"https:\/\/colegiul-racovita.ro\/wp\/wp-json\/wp\/v2\/comments?post=325"}],"version-history":[{"count":1,"href":"https:\/\/colegiul-racovita.ro\/wp\/wp-json\/wp\/v2\/pages\/325\/revisions"}],"predecessor-version":[{"id":328,"href":"https:\/\/colegiul-racovita.ro\/wp\/wp-json\/wp\/v2\/pages\/325\/revisions\/328"}],"wp:attachment":[{"href":"https:\/\/colegiul-racovita.ro\/wp\/wp-json\/wp\/v2\/media?parent=325"}],"curies":[{"name":"wp","href":"https:\/\/api.w.org\/{rel}","templated":true}]}}